{"id":2078,"date":"2025-11-29T21:08:23","date_gmt":"2025-11-29T20:08:23","guid":{"rendered":"https:\/\/www.begegnungsraum-osttirol.eu\/?page_id=2078"},"modified":"2026-01-19T20:55:40","modified_gmt":"2026-01-19T19:55:40","slug":"handwerk-3","status":"publish","type":"page","link":"https:\/\/www.begegnungsraum-osttirol.eu\/?page_id=2078","title":{"rendered":"Handwerk"},"content":{"rendered":"\t\t<div data-elementor-type=\"wp-page\" data-elementor-id=\"2078\" class=\"elementor elementor-2078\">\n\t\t\t\t\t\t<section class=\"elementor-section elementor-top-section elementor-element elementor-element-d0952b7 elementor-section-boxed elementor-section-height-default elementor-section-height-default\" data-id=\"d0952b7\" data-element_type=\"section\" data-e-type=\"section\">\n\t\t\t\t\t\t<div class=\"elementor-container elementor-column-gap-default\">\n\t\t\t\t\t<div class=\"elementor-column elementor-col-100 elementor-top-column elementor-element elementor-element-edc9436\" data-id=\"edc9436\" data-element_type=\"column\" data-e-type=\"column\">\n\t\t\t<div class=\"elementor-widget-wrap elementor-element-populated\">\n\t\t\t\t\t\t<div class=\"elementor-element elementor-element-32cfb4d elementor-widget elementor-widget-text-editor\" data-id=\"32cfb4d\" data-element_type=\"widget\" data-e-type=\"widget\" data-widget_type=\"text-editor.default\">\n\t\t\t\t<div class=\"elementor-widget-container\">\n\t\t\t\t\t\t\t\t\t<p><strong>Einmal um die Welt mit Gedanken an den Frieden<\/strong><\/p><p>\u00dcber das vom Verein <a href=\"https:\/\/www.begegnungsraum-osttirol.eu\/?page_id=1204\">Beweggrund Kunterbunt<\/a> (BeKu) organisierte, au\u00dferschulische Erasmus+ Projekt zur Jugendpartizipation &#8222;Begegnungsraum Osttirol &#8211; Next Generation&#8220; wurde im Juni 2025 eine Befragung durchgef\u00fchrt, um die Interessen der Zielgruppe (13 &#8211; 30 Jahre) zu erheben. Kreativit\u00e4t in den Alltag einzubringen und gemeinsam am Geschehen in der Gesellschaft arbeiten zu k\u00f6nnen, lag dabei vielen Jugendlichen und jungen Erwachsenen am Herzen. Das Organisationsteam kontaktierte daraufhin Lukas Federbusch und Julia Urbantschnig, ein \u00e4u\u00dferst gewandtes Handwerksduo, welches sich sogleich ein Konzept zum Thema \u201eFrieden\u201c \u00fcberlegte.<\/p>\t\t\t\t\t\t\t\t<\/div>\n\t\t\t\t<\/div>\n\t\t\t\t\t<\/div>\n\t\t<\/div>\n\t\t\t\t\t<\/div>\n\t\t<\/section>\n\t\t\t\t<section class=\"elementor-section elementor-top-section elementor-element elementor-element-31565a7 elementor-section-boxed elementor-section-height-default elementor-section-height-default\" data-id=\"31565a7\" data-element_type=\"section\" data-e-type=\"section\">\n\t\t\t\t\t\t<div class=\"elementor-container elementor-column-gap-default\">\n\t\t\t\t\t<div class=\"elementor-column elementor-col-100 elementor-top-column elementor-element elementor-element-bcba2f1\" data-id=\"bcba2f1\" data-element_type=\"column\" data-e-type=\"column\">\n\t\t\t<div class=\"elementor-widget-wrap elementor-element-populated\">\n\t\t\t\t\t\t<div class=\"elementor-element elementor-element-d431f9b elementor-widget elementor-widget-image-gallery\" data-id=\"d431f9b\" data-element_type=\"widget\" data-e-type=\"widget\" data-widget_type=\"image-gallery.default\">\n\t\t\t\t<div class=\"elementor-widget-container\">\n\t\t\t\t\t\t\t<div class=\"elementor-image-gallery\">\n\t\t\t<div id='gallery-1' class='gallery galleryid-2078 gallery-columns-3 gallery-size-thumbnail'><figure class='gallery-item'>\n\t\t\t<div class='gallery-icon landscape'>\n\t\t\t\t<a data-elementor-open-lightbox=\"yes\" data-elementor-lightbox-slideshow=\"d431f9b\" data-elementor-lightbox-title=\"v.l. Lukas Federbusch und Julia Urbantschnig\" data-e-action-hash=\"#elementor-action%3Aaction%3Dlightbox%26settings%3DeyJpZCI6MjEwNywidXJsIjoiaHR0cHM6XC9cL3d3dy5iZWdlZ251bmdzcmF1bS1vc3R0aXJvbC5ldVwvd3AtY29udGVudFwvdXBsb2Fkc1wvMjAyNVwvMTFcL1NjcmVlbnNob3QtMjAyNS0xMS0yOS0yMjAzMjAucG5nIiwic2xpZGVzaG93IjoiZDQzMWY5YiJ9\" href='https:\/\/www.begegnungsraum-osttirol.eu\/wp-content\/uploads\/2025\/11\/Screenshot-2025-11-29-220320.png'><img decoding=\"async\" width=\"150\" height=\"150\" src=\"https:\/\/www.begegnungsraum-osttirol.eu\/wp-content\/uploads\/2025\/11\/Screenshot-2025-11-29-220320-150x150.png\" class=\"attachment-thumbnail size-thumbnail\" alt=\"\" \/><\/a>\n\t\t\t<\/div><\/figure><figure class='gallery-item'>\n\t\t\t<div class='gallery-icon landscape'>\n\t\t\t\t<a data-elementor-open-lightbox=\"yes\" data-elementor-lightbox-slideshow=\"d431f9b\" data-elementor-lightbox-title=\"Die Skizze zur Weltkugel\" data-e-action-hash=\"#elementor-action%3Aaction%3Dlightbox%26settings%3DeyJpZCI6MjEwNCwidXJsIjoiaHR0cHM6XC9cL3d3dy5iZWdlZ251bmdzcmF1bS1vc3R0aXJvbC5ldVwvd3AtY29udGVudFwvdXBsb2Fkc1wvMjAyNVwvMTFcL1AxNDkwMTExLmpwZyIsInNsaWRlc2hvdyI6ImQ0MzFmOWIifQ%3D%3D\" href='https:\/\/www.begegnungsraum-osttirol.eu\/wp-content\/uploads\/2025\/11\/P1490111.jpg'><img decoding=\"async\" width=\"150\" height=\"150\" src=\"https:\/\/www.begegnungsraum-osttirol.eu\/wp-content\/uploads\/2025\/11\/P1490111-150x150.jpg\" class=\"attachment-thumbnail size-thumbnail\" alt=\"\" \/><\/a>\n\t\t\t<\/div><\/figure><figure class='gallery-item'>\n\t\t\t<div class='gallery-icon portrait'>\n\t\t\t\t<a data-elementor-open-lightbox=\"yes\" data-elementor-lightbox-slideshow=\"d431f9b\" data-elementor-lightbox-title=\"Die Vorlage f\u00fcr die Segel\" data-e-action-hash=\"#elementor-action%3Aaction%3Dlightbox%26settings%3DeyJpZCI6MjEwNiwidXJsIjoiaHR0cHM6XC9cL3d3dy5iZWdlZ251bmdzcmF1bS1vc3R0aXJvbC5ldVwvd3AtY29udGVudFwvdXBsb2Fkc1wvMjAyNVwvMTFcL1doYXRzQXBwLUltYWdlLTIwMjUtMTEtMTYtYXQtMTAuNDQuNTktMS5qcGVnIiwic2xpZGVzaG93IjoiZDQzMWY5YiJ9\" href='https:\/\/www.begegnungsraum-osttirol.eu\/wp-content\/uploads\/2025\/11\/WhatsApp-Image-2025-11-16-at-10.44.59-1.jpeg'><img decoding=\"async\" width=\"150\" height=\"150\" src=\"https:\/\/www.begegnungsraum-osttirol.eu\/wp-content\/uploads\/2025\/11\/WhatsApp-Image-2025-11-16-at-10.44.59-1-150x150.jpeg\" class=\"attachment-thumbnail size-thumbnail\" alt=\"\" \/><\/a>\n\t\t\t<\/div><\/figure>\n\t\t<\/div>\n\t\t<\/div>\n\t\t\t\t\t\t<\/div>\n\t\t\t\t<\/div>\n\t\t\t\t\t<\/div>\n\t\t<\/div>\n\t\t\t\t\t<\/div>\n\t\t<\/section>\n\t\t\t\t<section class=\"elementor-section elementor-top-section elementor-element elementor-element-bc97fdb elementor-section-boxed elementor-section-height-default elementor-section-height-default\" data-id=\"bc97fdb\" data-element_type=\"section\" data-e-type=\"section\">\n\t\t\t\t\t\t<div class=\"elementor-container elementor-column-gap-default\">\n\t\t\t\t\t<div class=\"elementor-column elementor-col-100 elementor-top-column elementor-element elementor-element-ec4c0bb\" data-id=\"ec4c0bb\" data-element_type=\"column\" data-e-type=\"column\">\n\t\t\t<div class=\"elementor-widget-wrap elementor-element-populated\">\n\t\t\t\t\t\t<div class=\"elementor-element elementor-element-71c8b57 elementor-widget elementor-widget-text-editor\" data-id=\"71c8b57\" data-element_type=\"widget\" data-e-type=\"widget\" data-widget_type=\"text-editor.default\">\n\t\t\t\t<div class=\"elementor-widget-container\">\n\t\t\t\t\t\t\t\t\t<p>Nach intensiver Vorbereitung seitens des Vereins und der beiden Kunstschaffenden wurde das Projekt dann am 14. und 15. November 2025 im Kulturhaus Sinnron in D\u00f6lsach verwirklicht.<\/p>\t\t\t\t\t\t\t\t<\/div>\n\t\t\t\t<\/div>\n\t\t\t\t\t<\/div>\n\t\t<\/div>\n\t\t\t\t\t<\/div>\n\t\t<\/section>\n\t\t\t\t<section class=\"elementor-section elementor-top-section elementor-element elementor-element-25b3b35 elementor-section-boxed elementor-section-height-default elementor-section-height-default\" data-id=\"25b3b35\" data-element_type=\"section\" data-e-type=\"section\">\n\t\t\t\t\t\t<div class=\"elementor-container elementor-column-gap-default\">\n\t\t\t\t\t<div class=\"elementor-column elementor-col-100 elementor-top-column elementor-element elementor-element-3a6ce94\" data-id=\"3a6ce94\" data-element_type=\"column\" data-e-type=\"column\">\n\t\t\t<div class=\"elementor-widget-wrap elementor-element-populated\">\n\t\t\t\t\t\t<div class=\"elementor-element elementor-element-d042f58 elementor-widget elementor-widget-image-gallery\" data-id=\"d042f58\" data-element_type=\"widget\" data-e-type=\"widget\" data-widget_type=\"image-gallery.default\">\n\t\t\t\t<div class=\"elementor-widget-container\">\n\t\t\t\t\t\t\t<div class=\"elementor-image-gallery\">\n\t\t\t<div id='gallery-2' class='gallery galleryid-2078 gallery-columns-1 gallery-size-large'><figure class='gallery-item'>\n\t\t\t<div class='gallery-icon landscape'>\n\t\t\t\t<a data-elementor-open-lightbox=\"yes\" data-elementor-lightbox-slideshow=\"d042f58\" data-elementor-lightbox-title=\"Das Kulturhaus Sinnron aus der Luft\" data-e-action-hash=\"#elementor-action%3Aaction%3Dlightbox%26settings%3DeyJpZCI6MjEwOCwidXJsIjoiaHR0cHM6XC9cL3d3dy5iZWdlZ251bmdzcmF1bS1vc3R0aXJvbC5ldVwvd3AtY29udGVudFwvdXBsb2Fkc1wvMjAyNVwvMTFcL1doYXRzQXBwLUltYWdlLTIwMjUtMTEtMTgtYXQtMTguNDAuNTMuanBlZyIsInNsaWRlc2hvdyI6ImQwNDJmNTgifQ%3D%3D\" href='https:\/\/www.begegnungsraum-osttirol.eu\/wp-content\/uploads\/2025\/11\/WhatsApp-Image-2025-11-18-at-18.40.53.jpeg'><img loading=\"lazy\" decoding=\"async\" width=\"580\" height=\"326\" src=\"https:\/\/www.begegnungsraum-osttirol.eu\/wp-content\/uploads\/2025\/11\/WhatsApp-Image-2025-11-18-at-18.40.53-1024x576.jpeg\" class=\"attachment-large size-large\" alt=\"\" srcset=\"https:\/\/www.begegnungsraum-osttirol.eu\/wp-content\/uploads\/2025\/11\/WhatsApp-Image-2025-11-18-at-18.40.53-1024x576.jpeg 1024w, https:\/\/www.begegnungsraum-osttirol.eu\/wp-content\/uploads\/2025\/11\/WhatsApp-Image-2025-11-18-at-18.40.53-300x169.jpeg 300w, https:\/\/www.begegnungsraum-osttirol.eu\/wp-content\/uploads\/2025\/11\/WhatsApp-Image-2025-11-18-at-18.40.53-768x432.jpeg 768w, https:\/\/www.begegnungsraum-osttirol.eu\/wp-content\/uploads\/2025\/11\/WhatsApp-Image-2025-11-18-at-18.40.53-1536x864.jpeg 1536w, https:\/\/www.begegnungsraum-osttirol.eu\/wp-content\/uploads\/2025\/11\/WhatsApp-Image-2025-11-18-at-18.40.53-1200x675.jpeg 1200w, https:\/\/www.begegnungsraum-osttirol.eu\/wp-content\/uploads\/2025\/11\/WhatsApp-Image-2025-11-18-at-18.40.53-1980x1114.jpeg 1980w, https:\/\/www.begegnungsraum-osttirol.eu\/wp-content\/uploads\/2025\/11\/WhatsApp-Image-2025-11-18-at-18.40.53.jpeg 2000w\" sizes=\"(max-width: 580px) 100vw, 580px\" \/><\/a>\n\t\t\t<\/div><\/figure>\n\t\t<\/div>\n\t\t<\/div>\n\t\t\t\t\t\t<\/div>\n\t\t\t\t<\/div>\n\t\t\t\t\t<\/div>\n\t\t<\/div>\n\t\t\t\t\t<\/div>\n\t\t<\/section>\n\t\t\t\t<section class=\"elementor-section elementor-top-section elementor-element elementor-element-78afd4a elementor-section-boxed elementor-section-height-default elementor-section-height-default\" data-id=\"78afd4a\" data-element_type=\"section\" data-e-type=\"section\">\n\t\t\t\t\t\t<div class=\"elementor-container elementor-column-gap-default\">\n\t\t\t\t\t<div class=\"elementor-column elementor-col-100 elementor-top-column elementor-element elementor-element-ed80b1a\" data-id=\"ed80b1a\" data-element_type=\"column\" data-e-type=\"column\">\n\t\t\t<div class=\"elementor-widget-wrap elementor-element-populated\">\n\t\t\t\t\t\t<div class=\"elementor-element elementor-element-b8b89ed elementor-widget elementor-widget-text-editor\" data-id=\"b8b89ed\" data-element_type=\"widget\" data-e-type=\"widget\" data-widget_type=\"text-editor.default\">\n\t\t\t\t<div class=\"elementor-widget-container\">\n\t\t\t\t\t\t\t\t\t<p>Eineinhalb Tage h\u00e4mmerten, s\u00e4gten, schneiderten und malten \u00fcber zwanzig Teilnehmende mit verschiedensten Hintergr\u00fcnden und Zug\u00e4ngen an dem Kunstwerk. Als Ergebnis entstand eine Weltkugel und vierundzwanzig individuell gestaltete Segel. Die Teilnehmenden stellten sich Fragen wie &#8222;Was ist Frieden f\u00fcr mich, wie f\u00fchlt er sich an und wann f\u00fchle ich mich friedlich?&#8220;. Die Motive welche die Zeit in der Natur, mit der Familie, Freunden oder Haustieren sowie Jugendtrends, religi\u00f6sen Praktiken oder Abstraktionen beinhalten, zeigen wie universell wir alle f\u00fchlen. Der geschaffene Globus wird in n\u00e4chster Zeit auch weiterwandern und an verschiedenen Orten zu sehen sein.<\/p>\t\t\t\t\t\t\t\t<\/div>\n\t\t\t\t<\/div>\n\t\t\t\t\t<\/div>\n\t\t<\/div>\n\t\t\t\t\t<\/div>\n\t\t<\/section>\n\t\t\t\t<section class=\"elementor-section elementor-top-section elementor-element elementor-element-12bb5ad elementor-section-boxed elementor-section-height-default elementor-section-height-default\" data-id=\"12bb5ad\" data-element_type=\"section\" data-e-type=\"section\">\n\t\t\t\t\t\t<div class=\"elementor-container elementor-column-gap-default\">\n\t\t\t\t\t<div class=\"elementor-column elementor-col-100 elementor-top-column elementor-element elementor-element-4e1de5d\" data-id=\"4e1de5d\" data-element_type=\"column\" data-e-type=\"column\">\n\t\t\t<div class=\"elementor-widget-wrap elementor-element-populated\">\n\t\t\t\t\t\t<div class=\"elementor-element elementor-element-a3fd31f elementor-widget elementor-widget-image-gallery\" data-id=\"a3fd31f\" data-element_type=\"widget\" data-e-type=\"widget\" data-widget_type=\"image-gallery.default\">\n\t\t\t\t<div class=\"elementor-widget-container\">\n\t\t\t\t\t\t\t<div class=\"elementor-image-gallery\">\n\t\t\t<div id='gallery-3' class='gallery galleryid-2078 gallery-columns-3 gallery-size-thumbnail'><figure class='gallery-item'>\n\t\t\t<div class='gallery-icon landscape'>\n\t\t\t\t<a data-elementor-open-lightbox=\"yes\" data-elementor-lightbox-slideshow=\"a3fd31f\" data-elementor-lightbox-title=\"Die individuell gestalteten Segel\" data-e-action-hash=\"#elementor-action%3Aaction%3Dlightbox%26settings%3DeyJpZCI6MjExNSwidXJsIjoiaHR0cHM6XC9cL3d3dy5iZWdlZ251bmdzcmF1bS1vc3R0aXJvbC5ldVwvd3AtY29udGVudFwvdXBsb2Fkc1wvMjAyNVwvMTFcL1doYXRzQXBwLUltYWdlLTIwMjUtMTEtMTgtYXQtMTguNDAuNTMtMTYuanBlZyIsInNsaWRlc2hvdyI6ImEzZmQzMWYifQ%3D%3D\" href='https:\/\/www.begegnungsraum-osttirol.eu\/wp-content\/uploads\/2025\/11\/WhatsApp-Image-2025-11-18-at-18.40.53-16.jpeg'><img loading=\"lazy\" decoding=\"async\" width=\"150\" height=\"150\" src=\"https:\/\/www.begegnungsraum-osttirol.eu\/wp-content\/uploads\/2025\/11\/WhatsApp-Image-2025-11-18-at-18.40.53-16-150x150.jpeg\" class=\"attachment-thumbnail size-thumbnail\" alt=\"\" \/><\/a>\n\t\t\t<\/div><\/figure><figure class='gallery-item'>\n\t\t\t<div class='gallery-icon landscape'>\n\t\t\t\t<a data-elementor-open-lightbox=\"yes\" data-elementor-lightbox-slideshow=\"a3fd31f\" data-elementor-lightbox-title=\"Der Werktisch im Freien\" data-e-action-hash=\"#elementor-action%3Aaction%3Dlightbox%26settings%3DeyJpZCI6MjExNiwidXJsIjoiaHR0cHM6XC9cL3d3dy5iZWdlZ251bmdzcmF1bS1vc3R0aXJvbC5ldVwvd3AtY29udGVudFwvdXBsb2Fkc1wvMjAyNVwvMTFcL1doYXRzQXBwLUltYWdlLTIwMjUtMTEtMTgtYXQtMTguNDAuNTMtMTAuanBlZyIsInNsaWRlc2hvdyI6ImEzZmQzMWYifQ%3D%3D\" href='https:\/\/www.begegnungsraum-osttirol.eu\/wp-content\/uploads\/2025\/11\/WhatsApp-Image-2025-11-18-at-18.40.53-10.jpeg'><img loading=\"lazy\" decoding=\"async\" width=\"150\" height=\"150\" src=\"https:\/\/www.begegnungsraum-osttirol.eu\/wp-content\/uploads\/2025\/11\/WhatsApp-Image-2025-11-18-at-18.40.53-10-150x150.jpeg\" class=\"attachment-thumbnail size-thumbnail\" alt=\"\" \/><\/a>\n\t\t\t<\/div><\/figure><figure class='gallery-item'>\n\t\t\t<div class='gallery-icon landscape'>\n\t\t\t\t<a data-elementor-open-lightbox=\"yes\" data-elementor-lightbox-slideshow=\"a3fd31f\" data-elementor-lightbox-title=\"Gestaltung eines Segels\" data-e-action-hash=\"#elementor-action%3Aaction%3Dlightbox%26settings%3DeyJpZCI6MjExNywidXJsIjoiaHR0cHM6XC9cL3d3dy5iZWdlZ251bmdzcmF1bS1vc3R0aXJvbC5ldVwvd3AtY29udGVudFwvdXBsb2Fkc1wvMjAyNVwvMTFcL1doYXRzQXBwLUltYWdlLTIwMjUtMTEtMTYtYXQtMjIuNTQuNDgtMy5qcGVnIiwic2xpZGVzaG93IjoiYTNmZDMxZiJ9\" href='https:\/\/www.begegnungsraum-osttirol.eu\/wp-content\/uploads\/2025\/11\/WhatsApp-Image-2025-11-16-at-22.54.48-3.jpeg'><img loading=\"lazy\" decoding=\"async\" width=\"150\" height=\"150\" src=\"https:\/\/www.begegnungsraum-osttirol.eu\/wp-content\/uploads\/2025\/11\/WhatsApp-Image-2025-11-16-at-22.54.48-3-150x150.jpeg\" class=\"attachment-thumbnail size-thumbnail\" alt=\"\" \/><\/a>\n\t\t\t<\/div><\/figure><figure class='gallery-item'>\n\t\t\t<div class='gallery-icon portrait'>\n\t\t\t\t<a data-elementor-open-lightbox=\"yes\" data-elementor-lightbox-slideshow=\"a3fd31f\" data-elementor-lightbox-title=\"Die Drehstange f\u00fcr den Globus\" data-e-action-hash=\"#elementor-action%3Aaction%3Dlightbox%26settings%3DeyJpZCI6MjExOSwidXJsIjoiaHR0cHM6XC9cL3d3dy5iZWdlZ251bmdzcmF1bS1vc3R0aXJvbC5ldVwvd3AtY29udGVudFwvdXBsb2Fkc1wvMjAyNVwvMTFcL1doYXRzQXBwLUltYWdlLTIwMjUtMTEtMTYtYXQtMjIuNTQuNDYtMi5qcGVnIiwic2xpZGVzaG93IjoiYTNmZDMxZiJ9\" href='https:\/\/www.begegnungsraum-osttirol.eu\/wp-content\/uploads\/2025\/11\/WhatsApp-Image-2025-11-16-at-22.54.46-2.jpeg'><img loading=\"lazy\" decoding=\"async\" width=\"150\" height=\"150\" src=\"https:\/\/www.begegnungsraum-osttirol.eu\/wp-content\/uploads\/2025\/11\/WhatsApp-Image-2025-11-16-at-22.54.46-2-150x150.jpeg\" class=\"attachment-thumbnail size-thumbnail\" alt=\"\" \/><\/a>\n\t\t\t<\/div><\/figure><figure class='gallery-item'>\n\t\t\t<div class='gallery-icon landscape'>\n\t\t\t\t<a data-elementor-open-lightbox=\"yes\" data-elementor-lightbox-slideshow=\"a3fd31f\" data-elementor-lightbox-title=\"Ein Teil des Teams beim \u00dcberlegen\" data-e-action-hash=\"#elementor-action%3Aaction%3Dlightbox%26settings%3DeyJpZCI6MjEyMCwidXJsIjoiaHR0cHM6XC9cL3d3dy5iZWdlZ251bmdzcmF1bS1vc3R0aXJvbC5ldVwvd3AtY29udGVudFwvdXBsb2Fkc1wvMjAyNVwvMTFcL1AxNDkwMTA0LmpwZyIsInNsaWRlc2hvdyI6ImEzZmQzMWYifQ%3D%3D\" href='https:\/\/www.begegnungsraum-osttirol.eu\/wp-content\/uploads\/2025\/11\/P1490104.jpg'><img loading=\"lazy\" decoding=\"async\" width=\"150\" height=\"150\" src=\"https:\/\/www.begegnungsraum-osttirol.eu\/wp-content\/uploads\/2025\/11\/P1490104-150x150.jpg\" class=\"attachment-thumbnail size-thumbnail\" alt=\"\" \/><\/a>\n\t\t\t<\/div><\/figure><figure class='gallery-item'>\n\t\t\t<div class='gallery-icon landscape'>\n\t\t\t\t<a data-elementor-open-lightbox=\"yes\" data-elementor-lightbox-slideshow=\"a3fd31f\" data-elementor-lightbox-title=\"Eine flei\u00dfige Schneiderin\" data-e-action-hash=\"#elementor-action%3Aaction%3Dlightbox%26settings%3DeyJpZCI6MjEyMSwidXJsIjoiaHR0cHM6XC9cL3d3dy5iZWdlZ251bmdzcmF1bS1vc3R0aXJvbC5ldVwvd3AtY29udGVudFwvdXBsb2Fkc1wvMjAyNVwvMTFcL1AxNDkwMTEzLmpwZyIsInNsaWRlc2hvdyI6ImEzZmQzMWYifQ%3D%3D\" href='https:\/\/www.begegnungsraum-osttirol.eu\/wp-content\/uploads\/2025\/11\/P1490113.jpg'><img loading=\"lazy\" decoding=\"async\" width=\"150\" height=\"150\" src=\"https:\/\/www.begegnungsraum-osttirol.eu\/wp-content\/uploads\/2025\/11\/P1490113-150x150.jpg\" class=\"attachment-thumbnail size-thumbnail\" alt=\"\" \/><\/a>\n\t\t\t<\/div><\/figure>\n\t\t<\/div>\n\t\t<\/div>\n\t\t\t\t\t\t<\/div>\n\t\t\t\t<\/div>\n\t\t\t\t\t<\/div>\n\t\t<\/div>\n\t\t\t\t\t<\/div>\n\t\t<\/section>\n\t\t\t\t<section class=\"elementor-section elementor-top-section elementor-element elementor-element-dd55660 elementor-section-boxed elementor-section-height-default elementor-section-height-default\" data-id=\"dd55660\" data-element_type=\"section\" data-e-type=\"section\">\n\t\t\t\t\t\t<div class=\"elementor-container elementor-column-gap-default\">\n\t\t\t\t\t<div class=\"elementor-column elementor-col-100 elementor-top-column elementor-element elementor-element-8a86ce2\" data-id=\"8a86ce2\" data-element_type=\"column\" data-e-type=\"column\">\n\t\t\t<div class=\"elementor-widget-wrap elementor-element-populated\">\n\t\t\t\t\t\t<div class=\"elementor-element elementor-element-130ca68 elementor-widget elementor-widget-text-editor\" data-id=\"130ca68\" data-element_type=\"widget\" data-e-type=\"widget\" data-widget_type=\"text-editor.default\">\n\t\t\t\t<div class=\"elementor-widget-container\">\n\t\t\t\t\t\t\t\t\t<p>Hast auch du Lust auf ein Abenteuer und dein Herzensthema daheim oder in der Ferne umzusetzen oder bei noch anstehenden Veranstaltungen \u00fcber unseren Verein mitzumachen? <br \/>Erasmus+ und der Europ\u00e4ische Solidarit\u00e4tskorps machen es m\u00f6glich. Melde dich gerne bei uns und wir k\u00f6nnen dir weiterhelfen sowie dich am Laufenden halten.<\/p>\t\t\t\t\t\t\t\t<\/div>\n\t\t\t\t<\/div>\n\t\t\t\t\t<\/div>\n\t\t<\/div>\n\t\t\t\t\t<\/div>\n\t\t<\/section>\n\t\t\t\t<section class=\"elementor-section elementor-top-section elementor-element elementor-element-58d7a36 elementor-section-boxed elementor-section-height-default elementor-section-height-default\" data-id=\"58d7a36\" data-element_type=\"section\" data-e-type=\"section\">\n\t\t\t\t\t\t<div class=\"elementor-container elementor-column-gap-default\">\n\t\t\t\t\t<div class=\"elementor-column elementor-col-100 elementor-top-column elementor-element elementor-element-742d67f\" data-id=\"742d67f\" data-element_type=\"column\" data-e-type=\"column\">\n\t\t\t<div class=\"elementor-widget-wrap elementor-element-populated\">\n\t\t\t\t\t\t<div class=\"elementor-element elementor-element-dccc698 elementor-widget elementor-widget-image-gallery\" data-id=\"dccc698\" data-element_type=\"widget\" data-e-type=\"widget\" data-widget_type=\"image-gallery.default\">\n\t\t\t\t<div class=\"elementor-widget-container\">\n\t\t\t\t\t\t\t<div class=\"elementor-image-gallery\">\n\t\t\t<div id='gallery-4' class='gallery galleryid-2078 gallery-columns-3 gallery-size-thumbnail'><figure class='gallery-item'>\n\t\t\t<div class='gallery-icon landscape'>\n\t\t\t\t<a data-elementor-open-lightbox=\"yes\" data-elementor-lightbox-slideshow=\"dccc698\" data-elementor-lightbox-title=\"Alle H\u00e4nde und F\u00fc\u00dfe voll zu tun\" data-e-action-hash=\"#elementor-action%3Aaction%3Dlightbox%26settings%3DeyJpZCI6MjEyOSwidXJsIjoiaHR0cHM6XC9cL3d3dy5iZWdlZ251bmdzcmF1bS1vc3R0aXJvbC5ldVwvd3AtY29udGVudFwvdXBsb2Fkc1wvMjAyNVwvMTFcL1AxNDkwMTQyLmpwZyIsInNsaWRlc2hvdyI6ImRjY2M2OTgifQ%3D%3D\" href='https:\/\/www.begegnungsraum-osttirol.eu\/wp-content\/uploads\/2025\/11\/P1490142.jpg'><img loading=\"lazy\" decoding=\"async\" width=\"150\" height=\"150\" src=\"https:\/\/www.begegnungsraum-osttirol.eu\/wp-content\/uploads\/2025\/11\/P1490142-150x150.jpg\" class=\"attachment-thumbnail size-thumbnail\" alt=\"\" \/><\/a>\n\t\t\t<\/div><\/figure><figure class='gallery-item'>\n\t\t\t<div class='gallery-icon landscape'>\n\t\t\t\t<a data-elementor-open-lightbox=\"yes\" data-elementor-lightbox-slideshow=\"dccc698\" data-elementor-lightbox-title=\"Zwei flei\u00dfige Tischler\" data-e-action-hash=\"#elementor-action%3Aaction%3Dlightbox%26settings%3DeyJpZCI6MjEzMCwidXJsIjoiaHR0cHM6XC9cL3d3dy5iZWdlZ251bmdzcmF1bS1vc3R0aXJvbC5ldVwvd3AtY29udGVudFwvdXBsb2Fkc1wvMjAyNVwvMTFcL1AxNDkwMTQxLmpwZyIsInNsaWRlc2hvdyI6ImRjY2M2OTgifQ%3D%3D\" href='https:\/\/www.begegnungsraum-osttirol.eu\/wp-content\/uploads\/2025\/11\/P1490141.jpg'><img loading=\"lazy\" decoding=\"async\" width=\"150\" height=\"150\" src=\"https:\/\/www.begegnungsraum-osttirol.eu\/wp-content\/uploads\/2025\/11\/P1490141-150x150.jpg\" class=\"attachment-thumbnail size-thumbnail\" alt=\"\" \/><\/a>\n\t\t\t<\/div><\/figure><figure class='gallery-item'>\n\t\t\t<div class='gallery-icon portrait'>\n\t\t\t\t<a data-elementor-open-lightbox=\"yes\" data-elementor-lightbox-slideshow=\"dccc698\" data-elementor-lightbox-title=\"Die Weltkugel von innen\" data-e-action-hash=\"#elementor-action%3Aaction%3Dlightbox%26settings%3DeyJpZCI6MjEzMywidXJsIjoiaHR0cHM6XC9cL3d3dy5iZWdlZ251bmdzcmF1bS1vc3R0aXJvbC5ldVwvd3AtY29udGVudFwvdXBsb2Fkc1wvMjAyNVwvMTFcL1doYXRzQXBwLUltYWdlLTIwMjUtMTEtMTYtYXQtMTAuNDQuMzYtMi5qcGVnIiwic2xpZGVzaG93IjoiZGNjYzY5OCJ9\" href='https:\/\/www.begegnungsraum-osttirol.eu\/wp-content\/uploads\/2025\/11\/WhatsApp-Image-2025-11-16-at-10.44.36-2.jpeg'><img loading=\"lazy\" decoding=\"async\" width=\"150\" height=\"150\" src=\"https:\/\/www.begegnungsraum-osttirol.eu\/wp-content\/uploads\/2025\/11\/WhatsApp-Image-2025-11-16-at-10.44.36-2-150x150.jpeg\" class=\"attachment-thumbnail size-thumbnail\" alt=\"\" \/><\/a>\n\t\t\t<\/div><\/figure><figure class='gallery-item'>\n\t\t\t<div class='gallery-icon portrait'>\n\t\t\t\t<a data-elementor-open-lightbox=\"yes\" data-elementor-lightbox-slideshow=\"dccc698\" data-elementor-lightbox-title=\"Ein Segel mit V\u00f6geln\" data-e-action-hash=\"#elementor-action%3Aaction%3Dlightbox%26settings%3DeyJpZCI6MjEzMiwidXJsIjoiaHR0cHM6XC9cL3d3dy5iZWdlZ251bmdzcmF1bS1vc3R0aXJvbC5ldVwvd3AtY29udGVudFwvdXBsb2Fkc1wvMjAyNVwvMTFcL1BYTF8yMDI1MTEyN18xNjUyMjM4NjEtc2NhbGVkLmpwZyIsInNsaWRlc2hvdyI6ImRjY2M2OTgifQ%3D%3D\" href='https:\/\/www.begegnungsraum-osttirol.eu\/wp-content\/uploads\/2025\/11\/PXL_20251127_165223861-scaled.jpg'><img loading=\"lazy\" decoding=\"async\" width=\"150\" height=\"150\" src=\"https:\/\/www.begegnungsraum-osttirol.eu\/wp-content\/uploads\/2025\/11\/PXL_20251127_165223861-150x150.jpg\" class=\"attachment-thumbnail size-thumbnail\" alt=\"\" \/><\/a>\n\t\t\t<\/div><\/figure><figure class='gallery-item'>\n\t\t\t<div class='gallery-icon landscape'>\n\t\t\t\t<a data-elementor-open-lightbox=\"yes\" data-elementor-lightbox-slideshow=\"dccc698\" data-elementor-lightbox-title=\"Ein Jugendmotiv\" data-e-action-hash=\"#elementor-action%3Aaction%3Dlightbox%26settings%3DeyJpZCI6MjEzNCwidXJsIjoiaHR0cHM6XC9cL3d3dy5iZWdlZ251bmdzcmF1bS1vc3R0aXJvbC5ldVwvd3AtY29udGVudFwvdXBsb2Fkc1wvMjAyNVwvMTFcL1doYXRzQXBwLUltYWdlLTIwMjUtMTEtMTYtYXQtMjIuNTQuNDUtMS5qcGVnIiwic2xpZGVzaG93IjoiZGNjYzY5OCJ9\" href='https:\/\/www.begegnungsraum-osttirol.eu\/wp-content\/uploads\/2025\/11\/WhatsApp-Image-2025-11-16-at-22.54.45-1.jpeg'><img loading=\"lazy\" decoding=\"async\" width=\"150\" height=\"150\" src=\"https:\/\/www.begegnungsraum-osttirol.eu\/wp-content\/uploads\/2025\/11\/WhatsApp-Image-2025-11-16-at-22.54.45-1-150x150.jpeg\" class=\"attachment-thumbnail size-thumbnail\" alt=\"\" \/><\/a>\n\t\t\t<\/div><\/figure><figure class='gallery-item'>\n\t\t\t<div class='gallery-icon portrait'>\n\t\t\t\t<a data-elementor-open-lightbox=\"yes\" data-elementor-lightbox-slideshow=\"dccc698\" data-elementor-lightbox-title=\"Der schlussendliche Globus!\" data-e-action-hash=\"#elementor-action%3Aaction%3Dlightbox%26settings%3DeyJpZCI6MjEzMSwidXJsIjoiaHR0cHM6XC9cL3d3dy5iZWdlZ251bmdzcmF1bS1vc3R0aXJvbC5ldVwvd3AtY29udGVudFwvdXBsb2Fkc1wvMjAyNVwvMTFcL1BYTF8yMDI1MTEyN18xNjQ1NTk5OTctc2NhbGVkLmpwZyIsInNsaWRlc2hvdyI6ImRjY2M2OTgifQ%3D%3D\" href='https:\/\/www.begegnungsraum-osttirol.eu\/wp-content\/uploads\/2025\/11\/PXL_20251127_164559997-scaled.jpg'><img loading=\"lazy\" decoding=\"async\" width=\"150\" height=\"150\" src=\"https:\/\/www.begegnungsraum-osttirol.eu\/wp-content\/uploads\/2025\/11\/PXL_20251127_164559997-150x150.jpg\" class=\"attachment-thumbnail size-thumbnail\" alt=\"\" \/><\/a>\n\t\t\t<\/div><\/figure>\n\t\t<\/div>\n\t\t<\/div>\n\t\t\t\t\t\t<\/div>\n\t\t\t\t<\/div>\n\t\t\t\t\t<\/div>\n\t\t<\/div>\n\t\t\t\t\t<\/div>\n\t\t<\/section>\n\t\t\t\t<section class=\"elementor-section elementor-top-section elementor-element elementor-element-93280b9 elementor-section-boxed elementor-section-height-default elementor-section-height-default\" data-id=\"93280b9\" data-element_type=\"section\" data-e-type=\"section\">\n\t\t\t\t\t\t<div class=\"elementor-container elementor-column-gap-default\">\n\t\t\t\t\t<div class=\"elementor-column elementor-col-100 elementor-top-column elementor-element elementor-element-eadc08e\" data-id=\"eadc08e\" data-element_type=\"column\" data-e-type=\"column\">\n\t\t\t<div class=\"elementor-widget-wrap elementor-element-populated\">\n\t\t\t\t\t\t<div class=\"elementor-element elementor-element-c7c9db7 elementor-widget elementor-widget-heading\" data-id=\"c7c9db7\" data-element_type=\"widget\" data-e-type=\"widget\" data-widget_type=\"heading.default\">\n\t\t\t\t<div class=\"elementor-widget-container\">\n\t\t\t\t\t<h3 class=\"elementor-heading-title elementor-size-default\">Wo steht die Skulptur aus dem Begegnungsraum Handwerk?<\/h3>\t\t\t\t<\/div>\n\t\t\t\t<\/div>\n\t\t\t\t\t<\/div>\n\t\t<\/div>\n\t\t\t\t\t<\/div>\n\t\t<\/section>\n\t\t\t\t<section class=\"elementor-section elementor-top-section elementor-element elementor-element-a1fab41 elementor-section-boxed elementor-section-height-default elementor-section-height-default\" data-id=\"a1fab41\" data-element_type=\"section\" data-e-type=\"section\">\n\t\t\t\t\t\t<div class=\"elementor-container elementor-column-gap-default\">\n\t\t\t\t\t<div class=\"elementor-column elementor-col-100 elementor-top-column elementor-element elementor-element-1039e15\" data-id=\"1039e15\" data-element_type=\"column\" data-e-type=\"column\">\n\t\t\t<div class=\"elementor-widget-wrap elementor-element-populated\">\n\t\t\t\t\t\t<div class=\"elementor-element elementor-element-538861c elementor-widget elementor-widget-google_maps\" data-id=\"538861c\" data-element_type=\"widget\" data-e-type=\"widget\" data-widget_type=\"google_maps.default\">\n\t\t\t\t<div class=\"elementor-widget-container\">\n\t\t\t\t\t\t\t<div class=\"elementor-custom-embed\">\n\t\t\t<iframe loading=\"lazy\"\n\t\t\t\t\tsrc=\"https:\/\/maps.google.com\/maps?q=Patriasdorfer%20Str.%207%2C%209900%20Lienz&#038;t=m&#038;z=17&#038;output=embed&#038;iwloc=near\"\n\t\t\t\t\ttitle=\"Patriasdorfer Str. 7, 9900 Lienz\"\n\t\t\t\t\taria-label=\"Patriasdorfer Str. 7, 9900 Lienz\"\n\t\t\t><\/iframe>\n\t\t<\/div>\n\t\t\t\t\t\t<\/div>\n\t\t\t\t<\/div>\n\t\t\t\t\t<\/div>\n\t\t<\/div>\n\t\t\t\t\t<\/div>\n\t\t<\/section>\n\t\t\t\t<section class=\"elementor-section elementor-top-section elementor-element elementor-element-8d10ace elementor-section-boxed elementor-section-height-default elementor-section-height-default\" data-id=\"8d10ace\" data-element_type=\"section\" data-e-type=\"section\">\n\t\t\t\t\t\t<div class=\"elementor-container elementor-column-gap-default\">\n\t\t\t\t\t<div class=\"elementor-column elementor-col-100 elementor-top-column elementor-element elementor-element-6c9bbdb\" data-id=\"6c9bbdb\" data-element_type=\"column\" data-e-type=\"column\">\n\t\t\t<div class=\"elementor-widget-wrap elementor-element-populated\">\n\t\t\t\t\t\t<div class=\"elementor-element elementor-element-5438456 elementor-widget elementor-widget-text-editor\" data-id=\"5438456\" data-element_type=\"widget\" data-e-type=\"widget\" data-widget_type=\"text-editor.default\">\n\t\t\t\t<div class=\"elementor-widget-container\">\n\t\t\t\t\t\t\t\t\t<div><\/div>\n<p style=\"text-align: center;\">Schau<strong>\u00a0<\/strong>vorbei in der<\/p>\n<p style=\"text-align: center;\"><b><img decoding=\"async\" class=\"emoji\" role=\"img\" draggable=\"false\" src=\"https:\/\/s.w.org\/images\/core\/emoji\/17.0.2\/svg\/1f4cd.svg\" alt=\"\ud83d\udccd\" \/> Pfarrkirche St. Andr\u00e4<\/b><\/p>\n<p style=\"text-align: center;\">Adresse:\u00a0<b>Patriasdorfer Str. 7, 9900 Lienz<\/b><\/p>\n<p style=\"text-align: center;\"><span style=\"font-size: 2.1rem; text-align: left;\">\u2714\ufe0f\u00a0<\/span><b>Vorheriger Standorte:\u00a0<\/b><\/p>\n<p style=\"text-align: center;\">November 2025 &#8211; J\u00e4nner 2026: Bundesschulzentrum Lienz, Weidengasse 1, 9900 Lienz<\/p>\t\t\t\t\t\t\t\t<\/div>\n\t\t\t\t<\/div>\n\t\t\t\t\t<\/div>\n\t\t<\/div>\n\t\t\t\t\t<\/div>\n\t\t<\/section>\n\t\t\t\t<\/div>\n\t\t","protected":false},"excerpt":{"rendered":"<p>Einmal um die Welt mit Gedanken an den Frieden \u00dcber das vom Verein Beweggrund Kunterbunt (BeKu) organisierte, au\u00dferschulische Erasmus+ Projekt zur Jugendpartizipation &#8222;Begegnungsraum Osttirol &#8211; Next Generation&#8220; wurde im Juni 2025 eine Befragung durchgef\u00fchrt, um die Interessen der Zielgruppe (13 &#8211; 30 Jahre) zu erheben. Kreativit\u00e4t in den Alltag einzubringen und gemeinsam am Geschehen in [&hellip;]<\/p>\n","protected":false},"author":1,"featured_media":0,"parent":0,"menu_order":0,"comment_status":"closed","ping_status":"closed","template":"","meta":{"_monsterinsights_skip_tracking":false,"_monsterinsights_sitenote_active":false,"_monsterinsights_sitenote_note":"","_monsterinsights_sitenote_category":0,"footnotes":""},"class_list":["post-2078","page","type-page","status-publish","hentry"],"_links":{"self":[{"href":"https:\/\/www.begegnungsraum-osttirol.eu\/index.php?rest_route=\/wp\/v2\/pages\/2078","targetHints":{"allow":["GET"]}}],"collection":[{"href":"https:\/\/www.begegnungsraum-osttirol.eu\/index.php?rest_route=\/wp\/v2\/pages"}],"about":[{"href":"https:\/\/www.begegnungsraum-osttirol.eu\/index.php?rest_route=\/wp\/v2\/types\/page"}],"author":[{"embeddable":true,"href":"https:\/\/www.begegnungsraum-osttirol.eu\/index.php?rest_route=\/wp\/v2\/users\/1"}],"replies":[{"embeddable":true,"href":"https:\/\/www.begegnungsraum-osttirol.eu\/index.php?rest_route=%2Fwp%2Fv2%2Fcomments&post=2078"}],"version-history":[{"count":57,"href":"https:\/\/www.begegnungsraum-osttirol.eu\/index.php?rest_route=\/wp\/v2\/pages\/2078\/revisions"}],"predecessor-version":[{"id":2209,"href":"https:\/\/www.begegnungsraum-osttirol.eu\/index.php?rest_route=\/wp\/v2\/pages\/2078\/revisions\/2209"}],"wp:attachment":[{"href":"https:\/\/www.begegnungsraum-osttirol.eu\/index.php?rest_route=%2Fwp%2Fv2%2Fmedia&parent=2078"}],"curies":[{"name":"wp","href":"https:\/\/api.w.org\/{rel}","templated":true}]}}