{"id":1603,"date":"2025-08-14T18:05:26","date_gmt":"2025-08-14T16:05:26","guid":{"rendered":"https:\/\/www.begegnungsraum-osttirol.eu\/?page_id=1603"},"modified":"2025-09-25T20:22:20","modified_gmt":"2025-09-25T18:22:20","slug":"begegnungsraum","status":"publish","type":"page","link":"https:\/\/www.begegnungsraum-osttirol.eu\/?page_id=1603","title":{"rendered":"Jugendraum Vida Loca"},"content":{"rendered":"\t\t<div data-elementor-type=\"wp-page\" data-elementor-id=\"1603\" class=\"elementor elementor-1603\">\n\t\t\t\t\t\t<section class=\"elementor-section elementor-top-section elementor-element elementor-element-a0f2773 elementor-section-boxed elementor-section-height-default elementor-section-height-default\" data-id=\"a0f2773\" data-element_type=\"section\" data-e-type=\"section\">\n\t\t\t\t\t\t<div class=\"elementor-container elementor-column-gap-default\">\n\t\t\t\t\t<div class=\"elementor-column elementor-col-100 elementor-top-column elementor-element elementor-element-4192574\" data-id=\"4192574\" data-element_type=\"column\" data-e-type=\"column\">\n\t\t\t<div class=\"elementor-widget-wrap elementor-element-populated\">\n\t\t\t\t\t\t<div class=\"elementor-element elementor-element-705cf19 elementor-widget elementor-widget-text-editor\" data-id=\"705cf19\" data-element_type=\"widget\" data-e-type=\"widget\" data-widget_type=\"text-editor.default\">\n\t\t\t\t<div class=\"elementor-widget-container\">\n\t\t\t\t\t\t\t\t\t<p><span style=\"font-weight: 400;\">Eine Jugendgruppe aus Patriasdorf und Moarfeld\/Lienz hat sich bei diesem Begegnungsraum einen Jugendraum nach ihren W\u00fcnschen gestaltet. Dazu aktivierte sie den \u201calten\u201d Jugendraum, welcher rund 10 Jahre stillgestanden hatte. Die Jugendlichen entr\u00fcmpelten den Raum, malten ihre Schatten zu den bereits bestehenden der fr\u00fcheren Gruppe an die W\u00e4nde und schafften sich eine Couch sowie andere Einrichtungsgegenst\u00e4nde an. Rund um die Gestaltungst\u00e4tigkeit f\u00fchrten sie Gruppenfindungsspiele durch, lernten \u00fcber das Modell der Soziokratie und verteilten selbst die Rollen, die es f\u00fcr ihr Zusammenleben braucht.<\/span><\/p><p>Emma Brugger hat die Gestaltung und Umsetzung des Jugendraums in einer Nachricht zusammengefasst:\u00a0<\/p>\t\t\t\t\t\t\t\t<\/div>\n\t\t\t\t<\/div>\n\t\t\t\t\t<\/div>\n\t\t<\/div>\n\t\t\t\t\t<\/div>\n\t\t<\/section>\n\t\t\t\t<section class=\"elementor-section elementor-top-section elementor-element elementor-element-7ac0b2b elementor-section-boxed elementor-section-height-default elementor-section-height-default\" data-id=\"7ac0b2b\" data-element_type=\"section\" data-e-type=\"section\">\n\t\t\t\t\t\t<div class=\"elementor-container elementor-column-gap-default\">\n\t\t\t\t\t<div class=\"elementor-column elementor-col-100 elementor-top-column elementor-element elementor-element-2686395\" data-id=\"2686395\" data-element_type=\"column\" data-e-type=\"column\">\n\t\t\t<div class=\"elementor-widget-wrap elementor-element-populated\">\n\t\t\t\t\t\t<div class=\"elementor-element elementor-element-cce036c elementor-widget elementor-widget-audio\" data-id=\"cce036c\" data-element_type=\"widget\" data-e-type=\"widget\" data-widget_type=\"audio.default\">\n\t\t\t\t<div class=\"elementor-widget-container\">\n\t\t\t\t\t\t\t\t<div class=\"elementor-soundcloud-wrapper\">\n\t\t\t\t<iframe width=\"580\" height=\"200\" frameborder=\"no\" src=\"https:\/\/w.soundcloud.com\/player\/?visual=false&#038;url=https%3A%2F%2Fapi.soundcloud.com%2Ftracks%2F2153243655&#038;show_artwork=true&#038;maxheight=870&#038;maxwidth=580&#038;auto_play=false&#038;buying=true&#038;liking=true&#038;download=true&#038;sharing=true&#038;show_comments=true&#038;show_playcount=true&#038;show_user=true&#038;color\"><\/iframe>\t\t\t<\/div>\n\t\t\t\t\t\t\t<\/div>\n\t\t\t\t<\/div>\n\t\t\t\t\t<\/div>\n\t\t<\/div>\n\t\t\t\t\t<\/div>\n\t\t<\/section>\n\t\t\t\t<section class=\"elementor-section elementor-top-section elementor-element elementor-element-0af9ff2 elementor-section-boxed elementor-section-height-default elementor-section-height-default\" data-id=\"0af9ff2\" data-element_type=\"section\" data-e-type=\"section\">\n\t\t\t\t\t\t<div class=\"elementor-container elementor-column-gap-default\">\n\t\t\t\t\t<div class=\"elementor-column elementor-col-100 elementor-top-column elementor-element elementor-element-6a5b2d0\" data-id=\"6a5b2d0\" data-element_type=\"column\" data-e-type=\"column\">\n\t\t\t<div class=\"elementor-widget-wrap elementor-element-populated\">\n\t\t\t\t\t\t<div class=\"elementor-element elementor-element-b30c6f9 elementor-widget elementor-widget-text-editor\" data-id=\"b30c6f9\" data-element_type=\"widget\" data-e-type=\"widget\" data-widget_type=\"text-editor.default\">\n\t\t\t\t<div class=\"elementor-widget-container\">\n\t\t\t\t\t\t\t\t\t<p><span style=\"font-weight: 400;\">Am 15.6.2025 luden sie zur Er\u00f6ffnung ihres Raumes ein. Sie veranstalteten mit Unterst\u00fctzung von Anja Bla\u00dfnig (Verein BeKu) und Romed Brugger (Pfarre St. Andr\u00e4), die das Projekt von Anfang an begleiteten, ein Sonntagscaf\u00e9 mit musikalischer Begleitung, Bastelbasar und Kuchenbuffet. Anschlie\u00dfend fand ein Spiele- und Gemeinschaftstag statt. Die Jugendlichen k\u00f6nnen sich jederzeit im Jugendraum treffen und ihn als R\u00fcckzugsraum oder Ideenschmiede nutzen. F\u00fcr die Zukunft werden sie sich selbstst\u00e4ndig um ihren Raum k\u00fcmmern, Verantwortung f\u00fcr ihre Gemeinschaft \u00fcbernehmen und das Projekt mit ihren eigenen Ideen weiterentwickeln.\u00a0<\/span><\/p>\t\t\t\t\t\t\t\t<\/div>\n\t\t\t\t<\/div>\n\t\t\t\t\t<\/div>\n\t\t<\/div>\n\t\t\t\t\t<\/div>\n\t\t<\/section>\n\t\t\t\t<section class=\"elementor-section elementor-top-section elementor-element elementor-element-6fe10ab elementor-section-boxed elementor-section-height-default elementor-section-height-default\" data-id=\"6fe10ab\" data-element_type=\"section\" data-e-type=\"section\">\n\t\t\t\t\t\t<div class=\"elementor-container elementor-column-gap-default\">\n\t\t\t\t\t<div class=\"elementor-column elementor-col-100 elementor-top-column elementor-element elementor-element-5591a33\" data-id=\"5591a33\" data-element_type=\"column\" data-e-type=\"column\">\n\t\t\t<div class=\"elementor-widget-wrap elementor-element-populated\">\n\t\t\t\t\t\t<div class=\"elementor-element elementor-element-ce205fa elementor-widget elementor-widget-image-gallery\" data-id=\"ce205fa\" data-element_type=\"widget\" data-e-type=\"widget\" data-widget_type=\"image-gallery.default\">\n\t\t\t\t<div class=\"elementor-widget-container\">\n\t\t\t\t\t\t\t<div class=\"elementor-image-gallery\">\n\t\t\t<div id='gallery-1' class='gallery galleryid-1603 gallery-columns-3 gallery-size-thumbnail'><figure class='gallery-item'>\n\t\t\t<div class='gallery-icon landscape'>\n\t\t\t\t<a data-elementor-open-lightbox=\"yes\" data-elementor-lightbox-slideshow=\"ce205fa\" data-elementor-lightbox-title=\"Der neu gestaltete Jugendraum mit den gemalten Schatten\" data-e-action-hash=\"#elementor-action%3Aaction%3Dlightbox%26settings%3DeyJpZCI6MTg2MCwidXJsIjoiaHR0cHM6XC9cL3d3dy5iZWdlZ251bmdzcmF1bS1vc3R0aXJvbC5ldVwvd3AtY29udGVudFwvdXBsb2Fkc1wvMjAyNVwvMDlcL1BsYW51bmdHZXN0YWx0dW5nOC1zY2FsZWQuanBnIiwic2xpZGVzaG93IjoiY2UyMDVmYSJ9\" href='https:\/\/www.begegnungsraum-osttirol.eu\/wp-content\/uploads\/2025\/09\/PlanungGestaltung8-scaled.jpg'><img decoding=\"async\" width=\"150\" height=\"150\" src=\"https:\/\/www.begegnungsraum-osttirol.eu\/wp-content\/uploads\/2025\/09\/PlanungGestaltung8-150x150.jpg\" class=\"attachment-thumbnail size-thumbnail\" alt=\"\" \/><\/a>\n\t\t\t<\/div><\/figure><figure class='gallery-item'>\n\t\t\t<div class='gallery-icon landscape'>\n\t\t\t\t<a data-elementor-open-lightbox=\"yes\" data-elementor-lightbox-slideshow=\"ce205fa\" data-elementor-lightbox-title=\"Die Jugendgruppe singt ein gemeinsames Er\u00f6ffnungslied\" data-e-action-hash=\"#elementor-action%3Aaction%3Dlightbox%26settings%3DeyJpZCI6MTg2MSwidXJsIjoiaHR0cHM6XC9cL3d3dy5iZWdlZ251bmdzcmF1bS1vc3R0aXJvbC5ldVwvd3AtY29udGVudFwvdXBsb2Fkc1wvMjAyNVwvMDlcL0Vyb2VmZm51bmc2LWtlaW4tU29jaWFsTWVkaWEtc2NhbGVkLmpwZyIsInNsaWRlc2hvdyI6ImNlMjA1ZmEifQ%3D%3D\" href='https:\/\/www.begegnungsraum-osttirol.eu\/wp-content\/uploads\/2025\/09\/Eroeffnung6-kein-SocialMedia-scaled.jpg'><img decoding=\"async\" width=\"150\" height=\"150\" src=\"https:\/\/www.begegnungsraum-osttirol.eu\/wp-content\/uploads\/2025\/09\/Eroeffnung6-kein-SocialMedia-150x150.jpg\" class=\"attachment-thumbnail size-thumbnail\" alt=\"\" \/><\/a>\n\t\t\t<\/div><\/figure><figure class='gallery-item'>\n\t\t\t<div class='gallery-icon landscape'>\n\t\t\t\t<a data-elementor-open-lightbox=\"yes\" data-elementor-lightbox-slideshow=\"ce205fa\" data-elementor-lightbox-title=\"Die Kinder und Jugendlichen pr\u00e4sentieren den Bastelbasar\" data-e-action-hash=\"#elementor-action%3Aaction%3Dlightbox%26settings%3DeyJpZCI6MTYyMiwidXJsIjoiaHR0cHM6XC9cL3d3dy5iZWdlZ251bmdzcmF1bS1vc3R0aXJvbC5ldVwvd3AtY29udGVudFwvdXBsb2Fkc1wvMjAyNVwvMDhcL0Vyb2VmZm51bmc0LXNjYWxlZC5qcGciLCJzbGlkZXNob3ciOiJjZTIwNWZhIn0%3D\" href='https:\/\/www.begegnungsraum-osttirol.eu\/wp-content\/uploads\/2025\/08\/Eroeffnung4-scaled.jpg'><img decoding=\"async\" width=\"150\" height=\"150\" src=\"https:\/\/www.begegnungsraum-osttirol.eu\/wp-content\/uploads\/2025\/08\/Eroeffnung4-150x150.jpg\" class=\"attachment-thumbnail size-thumbnail\" alt=\"\" \/><\/a>\n\t\t\t<\/div><\/figure><figure class='gallery-item'>\n\t\t\t<div class='gallery-icon landscape'>\n\t\t\t\t<a data-elementor-open-lightbox=\"yes\" data-elementor-lightbox-slideshow=\"ce205fa\" data-elementor-lightbox-title=\"Unsere zwei motivierten Cocktailmixer\" data-e-action-hash=\"#elementor-action%3Aaction%3Dlightbox%26settings%3DeyJpZCI6MTYyNSwidXJsIjoiaHR0cHM6XC9cL3d3dy5iZWdlZ251bmdzcmF1bS1vc3R0aXJvbC5ldVwvd3AtY29udGVudFwvdXBsb2Fkc1wvMjAyNVwvMDhcL1JCNjQuanBnIiwic2xpZGVzaG93IjoiY2UyMDVmYSJ9\" href='https:\/\/www.begegnungsraum-osttirol.eu\/wp-content\/uploads\/2025\/08\/RB64.jpg'><img loading=\"lazy\" decoding=\"async\" width=\"150\" height=\"150\" src=\"https:\/\/www.begegnungsraum-osttirol.eu\/wp-content\/uploads\/2025\/08\/RB64-150x150.jpg\" class=\"attachment-thumbnail size-thumbnail\" alt=\"\" \/><\/a>\n\t\t\t<\/div><\/figure><figure class='gallery-item'>\n\t\t\t<div class='gallery-icon landscape'>\n\t\t\t\t<a data-elementor-open-lightbox=\"yes\" data-elementor-lightbox-slideshow=\"ce205fa\" data-elementor-lightbox-title=\"Gemeinsamer Sitzkreis der Gruppe\" data-e-action-hash=\"#elementor-action%3Aaction%3Dlightbox%26settings%3DeyJpZCI6MTYyMywidXJsIjoiaHR0cHM6XC9cL3d3dy5iZWdlZ251bmdzcmF1bS1vc3R0aXJvbC5ldVwvd3AtY29udGVudFwvdXBsb2Fkc1wvMjAyNVwvMDhcL1BsYW51bmdHZXN0YWx0dW5nNi1zY2FsZWQuanBnIiwic2xpZGVzaG93IjoiY2UyMDVmYSJ9\" href='https:\/\/www.begegnungsraum-osttirol.eu\/wp-content\/uploads\/2025\/08\/PlanungGestaltung6-scaled.jpg'><img loading=\"lazy\" decoding=\"async\" width=\"150\" height=\"150\" src=\"https:\/\/www.begegnungsraum-osttirol.eu\/wp-content\/uploads\/2025\/08\/PlanungGestaltung6-150x150.jpg\" class=\"attachment-thumbnail size-thumbnail\" alt=\"\" \/><\/a>\n\t\t\t<\/div><\/figure><figure class='gallery-item'>\n\t\t\t<div class='gallery-icon landscape'>\n\t\t\t\t<a data-elementor-open-lightbox=\"yes\" data-elementor-lightbox-slideshow=\"ce205fa\" data-elementor-lightbox-title=\"Die zwei DJs am Mischpult\" data-e-action-hash=\"#elementor-action%3Aaction%3Dlightbox%26settings%3DeyJpZCI6MTg2MiwidXJsIjoiaHR0cHM6XC9cL3d3dy5iZWdlZ251bmdzcmF1bS1vc3R0aXJvbC5ldVwvd3AtY29udGVudFwvdXBsb2Fkc1wvMjAyNVwvMDlcL1BsYW51bmdHZXN0YWx0dW5nNS1rZWluLVNvY2lhbC1NZWRpYS1zY2FsZWQuanBnIiwic2xpZGVzaG93IjoiY2UyMDVmYSJ9\" href='https:\/\/www.begegnungsraum-osttirol.eu\/wp-content\/uploads\/2025\/09\/PlanungGestaltung5-kein-Social-Media-scaled.jpg'><img loading=\"lazy\" decoding=\"async\" width=\"150\" height=\"150\" src=\"https:\/\/www.begegnungsraum-osttirol.eu\/wp-content\/uploads\/2025\/09\/PlanungGestaltung5-kein-Social-Media-150x150.jpg\" class=\"attachment-thumbnail size-thumbnail\" alt=\"\" \/><\/a>\n\t\t\t<\/div><\/figure>\n\t\t<\/div>\n\t\t<\/div>\n\t\t\t\t\t\t<\/div>\n\t\t\t\t<\/div>\n\t\t\t\t\t<\/div>\n\t\t<\/div>\n\t\t\t\t\t<\/div>\n\t\t<\/section>\n\t\t\t\t<section class=\"elementor-section elementor-top-section elementor-element elementor-element-319540b elementor-section-boxed elementor-section-height-default elementor-section-height-default\" data-id=\"319540b\" data-element_type=\"section\" data-e-type=\"section\">\n\t\t\t\t\t\t<div class=\"elementor-container elementor-column-gap-default\">\n\t\t\t\t\t<div class=\"elementor-column elementor-col-100 elementor-top-column elementor-element elementor-element-9e463c6\" data-id=\"9e463c6\" data-element_type=\"column\" data-e-type=\"column\">\n\t\t\t<div class=\"elementor-widget-wrap elementor-element-populated\">\n\t\t\t\t\t\t<div class=\"elementor-element elementor-element-4fa7f62 elementor-widget elementor-widget-text-editor\" data-id=\"4fa7f62\" data-element_type=\"widget\" data-e-type=\"widget\" data-widget_type=\"text-editor.default\">\n\t\t\t\t<div class=\"elementor-widget-container\">\n\t\t\t\t\t\t\t\t\t<p><span style=\"font-weight: 400;\">Mit gro\u00dfem Enthusiasmus und Engagement schufen die Jugendlichen ihren Raum und fanden zu einer motivierten Gruppe zusammen. Daf\u00fcr wurde ihnen der Youthpass \u00fcberreicht. Der Youthpass ist ein europ\u00e4isches Zertifikat zur Ermittlung und Dokumentation von Lernergebnissen, die in Projekten im Rahmen der Programme Erasmus+ Jugend und des Europ\u00e4ischen Solidarit\u00e4tskorps erworben werden k\u00f6nnen. Nun stehen neuerlichen Erlebnissen, Erfahrungen und Begegnungen die T\u00fcren offen.\u00a0<\/span><\/p>\t\t\t\t\t\t\t\t<\/div>\n\t\t\t\t<\/div>\n\t\t\t\t\t<\/div>\n\t\t<\/div>\n\t\t\t\t\t<\/div>\n\t\t<\/section>\n\t\t\t\t<section class=\"elementor-section elementor-top-section elementor-element elementor-element-a703db5 elementor-section-boxed elementor-section-height-default elementor-section-height-default\" data-id=\"a703db5\" data-element_type=\"section\" data-e-type=\"section\">\n\t\t\t\t\t\t<div class=\"elementor-container elementor-column-gap-default\">\n\t\t\t\t\t<div class=\"elementor-column elementor-col-100 elementor-top-column elementor-element elementor-element-0d7f175\" data-id=\"0d7f175\" data-element_type=\"column\" data-e-type=\"column\">\n\t\t\t<div class=\"elementor-widget-wrap elementor-element-populated\">\n\t\t\t\t\t\t\t<\/div>\n\t\t<\/div>\n\t\t\t\t\t<\/div>\n\t\t<\/section>\n\t\t\t\t<section class=\"elementor-section elementor-top-section elementor-element elementor-element-65d7018 elementor-section-boxed elementor-section-height-default elementor-section-height-default\" data-id=\"65d7018\" data-element_type=\"section\" data-e-type=\"section\">\n\t\t\t\t\t\t<div class=\"elementor-container elementor-column-gap-default\">\n\t\t\t\t\t<div class=\"elementor-column elementor-col-100 elementor-top-column elementor-element elementor-element-6112165\" data-id=\"6112165\" data-element_type=\"column\" data-e-type=\"column\">\n\t\t\t<div class=\"elementor-widget-wrap elementor-element-populated\">\n\t\t\t\t\t\t<div class=\"elementor-element elementor-element-9947251 elementor-widget elementor-widget-text-editor\" data-id=\"9947251\" data-element_type=\"widget\" data-e-type=\"widget\" data-widget_type=\"text-editor.default\">\n\t\t\t\t<div class=\"elementor-widget-container\">\n\t\t\t\t\t\t\t\t\t<p>Hier noch ein <a href=\"https:\/\/www.pfarre-st-andrae.at\/jugendraum-jugendgruppe-vidaloca\/\">weiterer Link<\/a> mit Impressionen.<\/p>\t\t\t\t\t\t\t\t<\/div>\n\t\t\t\t<\/div>\n\t\t\t\t\t<\/div>\n\t\t<\/div>\n\t\t\t\t\t<\/div>\n\t\t<\/section>\n\t\t\t\t<section class=\"elementor-section elementor-top-section elementor-element elementor-element-b0cbffd elementor-section-boxed elementor-section-height-default elementor-section-height-default\" data-id=\"b0cbffd\" data-element_type=\"section\" data-e-type=\"section\">\n\t\t\t\t\t\t<div class=\"elementor-container elementor-column-gap-default\">\n\t\t\t\t\t<div class=\"elementor-column elementor-col-100 elementor-top-column elementor-element elementor-element-df89b5c\" data-id=\"df89b5c\" data-element_type=\"column\" data-e-type=\"column\">\n\t\t\t<div class=\"elementor-widget-wrap elementor-element-populated\">\n\t\t\t\t\t\t<div class=\"elementor-element elementor-element-8e335f0 elementor-widget elementor-widget-image\" data-id=\"8e335f0\" data-element_type=\"widget\" data-e-type=\"widget\" data-widget_type=\"image.default\">\n\t\t\t\t<div class=\"elementor-widget-container\">\n\t\t\t\t\t\t\t\t\t\t\t\t\t\t\t<img loading=\"lazy\" decoding=\"async\" width=\"580\" height=\"435\" src=\"https:\/\/www.begegnungsraum-osttirol.eu\/wp-content\/uploads\/2025\/06\/Eroeffnung8-1024x768.jpg\" class=\"attachment-large size-large wp-image-1553\" alt=\"\" srcset=\"https:\/\/www.begegnungsraum-osttirol.eu\/wp-content\/uploads\/2025\/06\/Eroeffnung8-1024x768.jpg 1024w, https:\/\/www.begegnungsraum-osttirol.eu\/wp-content\/uploads\/2025\/06\/Eroeffnung8-300x225.jpg 300w, https:\/\/www.begegnungsraum-osttirol.eu\/wp-content\/uploads\/2025\/06\/Eroeffnung8-768x576.jpg 768w, https:\/\/www.begegnungsraum-osttirol.eu\/wp-content\/uploads\/2025\/06\/Eroeffnung8-1536x1152.jpg 1536w, https:\/\/www.begegnungsraum-osttirol.eu\/wp-content\/uploads\/2025\/06\/Eroeffnung8-2048x1536.jpg 2048w, https:\/\/www.begegnungsraum-osttirol.eu\/wp-content\/uploads\/2025\/06\/Eroeffnung8-1200x900.jpg 1200w, https:\/\/www.begegnungsraum-osttirol.eu\/wp-content\/uploads\/2025\/06\/Eroeffnung8-1980x1485.jpg 1980w\" sizes=\"(max-width: 580px) 100vw, 580px\" \/>\t\t\t\t\t\t\t\t\t\t\t\t\t\t\t<\/div>\n\t\t\t\t<\/div>\n\t\t\t\t\t<\/div>\n\t\t<\/div>\n\t\t\t\t\t<\/div>\n\t\t<\/section>\n\t\t\t\t<\/div>\n\t\t","protected":false},"excerpt":{"rendered":"<p>Eine Jugendgruppe aus Patriasdorf und Moarfeld\/Lienz hat sich bei diesem Begegnungsraum einen Jugendraum nach ihren W\u00fcnschen gestaltet. Dazu aktivierte sie den \u201calten\u201d Jugendraum, welcher rund 10 Jahre stillgestanden hatte. Die Jugendlichen entr\u00fcmpelten den Raum, malten ihre Schatten zu den bereits bestehenden der fr\u00fcheren Gruppe an die W\u00e4nde und schafften sich eine Couch sowie andere Einrichtungsgegenst\u00e4nde [&hellip;]<\/p>\n","protected":false},"author":1,"featured_media":0,"parent":0,"menu_order":0,"comment_status":"closed","ping_status":"closed","template":"","meta":{"_monsterinsights_skip_tracking":false,"_monsterinsights_sitenote_active":false,"_monsterinsights_sitenote_note":"","_monsterinsights_sitenote_category":0,"footnotes":""},"class_list":["post-1603","page","type-page","status-publish","hentry"],"_links":{"self":[{"href":"https:\/\/www.begegnungsraum-osttirol.eu\/index.php?rest_route=\/wp\/v2\/pages\/1603","targetHints":{"allow":["GET"]}}],"collection":[{"href":"https:\/\/www.begegnungsraum-osttirol.eu\/index.php?rest_route=\/wp\/v2\/pages"}],"about":[{"href":"https:\/\/www.begegnungsraum-osttirol.eu\/index.php?rest_route=\/wp\/v2\/types\/page"}],"author":[{"embeddable":true,"href":"https:\/\/www.begegnungsraum-osttirol.eu\/index.php?rest_route=\/wp\/v2\/users\/1"}],"replies":[{"embeddable":true,"href":"https:\/\/www.begegnungsraum-osttirol.eu\/index.php?rest_route=%2Fwp%2Fv2%2Fcomments&post=1603"}],"version-history":[{"count":56,"href":"https:\/\/www.begegnungsraum-osttirol.eu\/index.php?rest_route=\/wp\/v2\/pages\/1603\/revisions"}],"predecessor-version":[{"id":1865,"href":"https:\/\/www.begegnungsraum-osttirol.eu\/index.php?rest_route=\/wp\/v2\/pages\/1603\/revisions\/1865"}],"wp:attachment":[{"href":"https:\/\/www.begegnungsraum-osttirol.eu\/index.php?rest_route=%2Fwp%2Fv2%2Fmedia&parent=1603"}],"curies":[{"name":"wp","href":"https:\/\/api.w.org\/{rel}","templated":true}]}}